{"id":4320,"date":"2021-01-08T10:50:00","date_gmt":"2021-01-08T09:50:00","guid":{"rendered":"https:\/\/moby2025.marketingdenmark.dk\/product\/peak-xxl-4-personers-taktaelt\/"},"modified":"2026-03-11T11:47:02","modified_gmt":"2026-03-11T10:47:02","slug":"peak-xxl-4-personers-taktaelt","status":"publish","type":"product","link":"https:\/\/moby2025.marketingdenmark.dk\/sv\/produkt\/peak-xxl-4-personers-taktaelt\/","title":{"rendered":"Peak XXL 4 personers takt\u00e4lt"},"content":{"rendered":"<p class=\"p1\">Takt\u00e4lt f\u00f6r 4 personer: Peak XXL g\u00f6r det enkelt att ta hela familjen p\u00e5 \u00e4ventyr, eftersom det finns gott om plats f\u00f6r upp till fyra vuxna &#8211; s\u00e5 tv\u00e5 vuxna och tv\u00e5 barn f\u00e5r enkelt plats i t\u00e4ltet.<\/p>\n<p class=\"p1\">Hardshell-l\u00e5dan \u00e4r en bra storlek som passar taket p\u00e5 de flesta stationbilar eller stadsjeepar. Det smarta \u00e4r att t\u00e4ltet f\u00e4lls ut \u00f6ver sidan av bilen, s\u00e5 att du f\u00e5r ett st\u00f6rre liggande omr\u00e5de \u00e4n i de flesta andra takt\u00e4lt.<\/p>\n<p class=\"p1\">T\u00e4ltet \u00e4r designat med takf\u00f6nster och f\u00f6nster i sidorna s\u00e5 att du f\u00e5r bra ventilation och ett fint ljus i t\u00e4ltet. Och n\u00e4r det \u00e4r l\u00e4ggdags kan du njuta av utsikten \u00f6ver stj\u00e4rnhimlen fr\u00e5n alla h\u00e5ll.<\/p>\n<p class=\"p1\">Du beh\u00f6ver inte oroa dig f\u00f6r nyfikna blickar eller o\u00f6nskade bes\u00f6k fr\u00e5n insekter, eftersom t\u00e4ltet har ett t\u00e4tt maskat myggn\u00e4t f\u00f6r alla \u00f6ppningar, och det fasta t\u00e4ltv\u00e4vet skapar privatliv. T\u00e4ltv\u00e4ven \u00e4r gjord av slitstark och andningsbar poly-bomull som passar perfekt i det nordiska klimatet.<\/p>\n<p class=\"p1\">Peak XXL levereras inklusive en 40 mm madrass som med f\u00f6rdel kan kombineras med v\u00e5r antikondensmadrass som sk\u00e4rs till och l\u00e4ggs under originalmadrassen. Detta f\u00f6rhindrar kondens under madrassen och ger extra sovkomfort.<\/p>\n<p class=\"p1\">Vill du ha mer lyx kan du uppgradera till v\u00e5ra fantastiska Deluxe-madrasser. Om du byter ut originalmadrassen mot v\u00e5r Deluxe-madrass kan dessa f\u00f6rvaras i t\u00e4ltet under k\u00f6rning efter t\u00f6mning.<\/p>\n<p class=\"p1\">Du kan montera en markis eller ett annex s\u00e5 att du kan njuta av de sena kv\u00e4llstimmarna utan dimma och regn \u2013 eller skapa en skuggig oas en varm sommardag.<\/p>\n<p class=\"p1\">Vi rekommenderar alltid att man best\u00e4ller en Tent Tie Down som sp\u00e4nner upp takt\u00e4ltet bra s\u00e5 att det st\u00e5r fint och str\u00e4ckt och \u00e4ven s\u00e4krar t\u00e4ltet vid d\u00e5ligt v\u00e4der.<\/p>\n<p class=\"p1\">Det \u00e4r ocks\u00e5 m\u00f6jligt att k\u00f6pa diverse andra tillbeh\u00f6r s\u00e5som inv\u00e4ndiga f\u00f6rvaringsfickor, termoinnert\u00e4lt och en t\u00e4ltlyft f\u00f6r enkel montering av takt\u00e4ltet till din bil och \u00e4ven erbjuda en trevlig plats att f\u00f6rvara t\u00e4ltet n\u00e4r det inte anv\u00e4nds.<\/p>\n","protected":false},"excerpt":{"rendered":"<table style=\"width: 100%; grid-column-start: 1;\">\n<tbody>\n<tr>\n<td>T\u00e4lt<\/td>\n<td><span style=\"vertical-align: inherit;\">L.220 x B.197 x H.115cm<\/span><\/td>\n<\/tr>\n<tr>\n<td>H\u00e5rt skal<\/td>\n<td><span style=\"vertical-align: inherit;\">L.200 x B.120 x H.26cm<\/span><\/td>\n<\/tr>\n<tr>\n<td>Vikt<\/td>\n<td><span style=\"vertical-align: inherit;\">74,8kg<br \/>\n( 63,2kg ex. madrass och stege )<\/span><\/td>\n<\/tr>\n<\/tbody>\n<\/table>\n","protected":false},"featured_media":4321,"comment_status":"closed","ping_status":"closed","template":"","meta":{"_acf_changed":false},"product_brand":[],"product_cat":[113,114,180],"product_tag":[79],"class_list":["post-4320","product","type-product","status-publish","has-post-thumbnail","product_cat-alle-telte","product_cat-nyheder","product_cat-peak-xxl","product_tag-mobymountain","product_shipping_class-tagtelte","pa_vaelg-teltfarve-huntergreen","pa_vaelg-teltfarve-midnightgrey","pa_vaelg-teltfarve-thunderblack","first","instock","taxable","shipping-taxable","purchasable","product-type-variable","has-default-attributes"],"acf":[],"_links":{"self":[{"href":"https:\/\/moby2025.marketingdenmark.dk\/sv\/wp-json\/wp\/v2\/product\/4320","targetHints":{"allow":["GET"]}}],"collection":[{"href":"https:\/\/moby2025.marketingdenmark.dk\/sv\/wp-json\/wp\/v2\/product"}],"about":[{"href":"https:\/\/moby2025.marketingdenmark.dk\/sv\/wp-json\/wp\/v2\/types\/product"}],"replies":[{"embeddable":true,"href":"https:\/\/moby2025.marketingdenmark.dk\/sv\/wp-json\/wp\/v2\/comments?post=4320"}],"wp:featuredmedia":[{"embeddable":true,"href":"https:\/\/moby2025.marketingdenmark.dk\/sv\/wp-json\/wp\/v2\/media\/4321"}],"wp:attachment":[{"href":"https:\/\/moby2025.marketingdenmark.dk\/sv\/wp-json\/wp\/v2\/media?parent=4320"}],"wp:term":[{"taxonomy":"product_brand","embeddable":true,"href":"https:\/\/moby2025.marketingdenmark.dk\/sv\/wp-json\/wp\/v2\/product_brand?post=4320"},{"taxonomy":"product_cat","embeddable":true,"href":"https:\/\/moby2025.marketingdenmark.dk\/sv\/wp-json\/wp\/v2\/product_cat?post=4320"},{"taxonomy":"product_tag","embeddable":true,"href":"https:\/\/moby2025.marketingdenmark.dk\/sv\/wp-json\/wp\/v2\/product_tag?post=4320"}],"curies":[{"name":"wp","href":"https:\/\/api.w.org\/{rel}","templated":true}]}}