{"id":4715,"date":"2021-01-08T11:04:00","date_gmt":"2021-01-08T10:04:00","guid":{"rendered":"https:\/\/moby2025.marketingdenmark.dk\/product\/foertaelt\/"},"modified":"2026-03-11T14:22:37","modified_gmt":"2026-03-11T13:22:37","slug":"foertaelt","status":"publish","type":"product","link":"https:\/\/moby2025.marketingdenmark.dk\/sv\/produkt\/foertaelt\/","title":{"rendered":"F\u00f6rt\u00e4lt"},"content":{"rendered":"<p>Om du beh\u00f6ver sl\u00e5 l\u00e4ger p\u00e5 samma plats lite l\u00e4ngre, kan du enkelt skapa extra utrymme med et f\u00f6rt\u00e4lt. F\u00f6rt\u00e4ltet ger ett extra stort inomhusomr\u00e5de med plats f\u00f6r b\u00e5de bord, stolar och extra f\u00f6rvaring.<br \/>\nSatsen best\u00e5r av en stor f\u00f6rt\u00e4lt, teleskopst\u00e4nger, rep och pinnar, s\u00e5 att du har allt du beh\u00f6ver. F\u00f6rt\u00e4ltet \u00e4r l\u00e4tt att f\u00e4sta p\u00e5 takt\u00e4ltets toppseglet och str\u00e4cka ut med teleskopstolparna, och det tar bara cirka 10 minuter att st\u00e4lla upp n\u00e4r du har st\u00e4llt in det n\u00e5gra g\u00e5nger.<br \/>\nT\u00e4ltet slutar helt mot sidan av bilen, s\u00e5 att du kan g\u00e5 in och ur bilen fr\u00e5n f\u00f6rt\u00e4ltet. Det finns stora d\u00f6rrar, samt f\u00f6nster med b\u00e5de myggn\u00e4t och fast t\u00e4ltduk f\u00f6r \u00f6ppningarna.<br \/>\nF\u00f6rt\u00e4lt ska best\u00e4llas i storlek och f\u00e4rg som ditt Peak-takt\u00e4lt, s\u00e5 att den passar ihop.<br \/>\nPassar Peak takt\u00e4lt fr\u00e5n 2021 och fram\u00e5t.   <\/p>\n<p>F\u00f6rt\u00e4ltet \u00e4r en universalf\u00f6rt\u00e4lt som passar ditt takt\u00e4lt. Det kommer inte att vara m\u00f6jligt att garantera en perfekt passform f\u00f6r h\u00f6jden p\u00e5 alla bilar, eftersom inga bilar \u00e4r lika h\u00f6ga. Passar b\u00e4st f\u00f6r medelh\u00f6ga till h\u00f6ga bilar, s\u00e5som SUV\u00b4s och liknande med takr\u00e4ckesh\u00f6jd fr\u00e5n 170 \u2013 210cm. F\u00f6nster och d\u00f6rrar kan monteras annorlunda \u00e4n p\u00e5 bilderna.   <\/p>\n","protected":false},"excerpt":{"rendered":"<ul>\n<li class=\"mobile-undersized-upper\">M\u00e5l XL &#8211; L.330 x B.230cm &#8211; 9,4kg<\/li>\n<li class=\"mobile-undersized-upper\">M\u00e5l XXL &#8211; L.330 x B.280cm &#8211; 9,9kg<\/li>\n<\/ul>\n","protected":false},"featured_media":4716,"comment_status":"closed","ping_status":"closed","template":"","meta":{"_acf_changed":false},"product_brand":[],"product_cat":[196,114,78],"product_tag":[79],"class_list":["post-4715","product","type-product","status-publish","has-post-thumbnail","product_cat-alle-fortelte","product_cat-nyheder","product_cat-tillbehoer","product_tag-mobymountain","product_shipping_class-small-product","pa_vaelg-telt-aargang-2021-2023","pa_vaelg-telt-aargang-195","pa_vaelg-teltfarve-huntergreen","pa_vaelg-teltfarve-midnightgrey","pa_vaelg-teltfarve-thunderblack","pa_vaelg-teltstoerrelse-xl","pa_vaelg-teltstoerrelse-xxl","first","instock","taxable","shipping-taxable","purchasable","product-type-variable"],"acf":[],"_links":{"self":[{"href":"https:\/\/moby2025.marketingdenmark.dk\/sv\/wp-json\/wp\/v2\/product\/4715","targetHints":{"allow":["GET"]}}],"collection":[{"href":"https:\/\/moby2025.marketingdenmark.dk\/sv\/wp-json\/wp\/v2\/product"}],"about":[{"href":"https:\/\/moby2025.marketingdenmark.dk\/sv\/wp-json\/wp\/v2\/types\/product"}],"replies":[{"embeddable":true,"href":"https:\/\/moby2025.marketingdenmark.dk\/sv\/wp-json\/wp\/v2\/comments?post=4715"}],"wp:featuredmedia":[{"embeddable":true,"href":"https:\/\/moby2025.marketingdenmark.dk\/sv\/wp-json\/wp\/v2\/media\/4716"}],"wp:attachment":[{"href":"https:\/\/moby2025.marketingdenmark.dk\/sv\/wp-json\/wp\/v2\/media?parent=4715"}],"wp:term":[{"taxonomy":"product_brand","embeddable":true,"href":"https:\/\/moby2025.marketingdenmark.dk\/sv\/wp-json\/wp\/v2\/product_brand?post=4715"},{"taxonomy":"product_cat","embeddable":true,"href":"https:\/\/moby2025.marketingdenmark.dk\/sv\/wp-json\/wp\/v2\/product_cat?post=4715"},{"taxonomy":"product_tag","embeddable":true,"href":"https:\/\/moby2025.marketingdenmark.dk\/sv\/wp-json\/wp\/v2\/product_tag?post=4715"}],"curies":[{"name":"wp","href":"https:\/\/api.w.org\/{rel}","templated":true}]}}