{"id":5087,"date":"2026-02-05T15:01:56","date_gmt":"2026-02-05T14:01:56","guid":{"rendered":"https:\/\/moby2025.marketingdenmark.dk\/product\/peak-xl-slategrey-special-edition\/"},"modified":"2026-02-24T10:26:14","modified_gmt":"2026-02-24T09:26:14","slug":"peak-xl-slategrey-special-edition","status":"publish","type":"product","link":"https:\/\/moby2025.marketingdenmark.dk\/sv\/produkt\/peak-xl-slategrey-special-edition\/","title":{"rendered":"Peak XL slateGrey \u2013<br>Special Edition"},"content":{"rendered":"<p data-start=\"0\" data-end=\"126\">Peak XL slateGrey Special Edition levereras med ett exklusivt, matt hardskal, kombinerat med skiffergr\u00e5 t\u00e4ltduk och svart \u00f6verdel.<\/p>\n<p data-start=\"128\" data-end=\"229\" data-is-last-node=\"\" data-is-only-node=\"\">Denna Special Edition delar tillbeh\u00f6r \u2013 s\u00e5som markis, f\u00f6rt\u00e4lt m.m. \u2013 med v\u00e5r thunderBlack Peak 1XL.<\/p>\n<p class=\"p1\">Peak XL \u00e4r gjord f\u00f6r spontana \u00e4ventyr &#8211; och passar tre vuxna eller tv\u00e5 vuxna och ett barn.<\/p>\n<p class=\"p1\">Hardshell-l\u00e5dan \u00e4r idealisk f\u00f6r att passa p\u00e5 taket p\u00e5 de flesta bilar. Det smarta \u00e4r att takt\u00e4ltet f\u00e4lls ut \u00f6ver sidan av bilen, s\u00e5 att du f\u00e5r ett st\u00f6rre liggande omr\u00e5de \u00e4n i de flesta andra takt\u00e4lt.<\/p>\n<p class=\"p1\">Takt\u00e4ltet \u00e4r utformat med takf\u00f6nster och f\u00f6nster i sidorna s\u00e5 att du f\u00e5r bra ventilation och ett fint ljus i takt\u00e4ltet. Och n\u00e4r det \u00e4r l\u00e4ggdags kan du njuta av utsikten \u00f6ver stj\u00e4rnhimlen fr\u00e5n alla h\u00e5ll.<\/p>\n<p class=\"p1\">Du beh\u00f6ver inte oroa dig f\u00f6r nyfikna blickar eller o\u00f6nskade bes\u00f6k fr\u00e5n insekter, eftersom takt\u00e4ltet har ett t\u00e4tt maskat myggn\u00e4t f\u00f6r alla \u00f6ppningar och det fasta t\u00e4ltv\u00e4ven skapar privatliv. T\u00e4ltv\u00e4ven \u00e4r gjord av slitstark och andningsbar poly-bomull som passar perfekt i det nordiska klimatet.<\/p>\n<p class=\"p1\">Peak XL levereras inklusive en 40 mm madrass som med f\u00f6rdel kan kombineras med v\u00e5r antikondensmadrass som sk\u00e4rs till och l\u00e4ggs under originalmadrassen. Detta f\u00f6rhindrar kondens under madrassen och ger extra sovkomfort.<\/p>\n<p class=\"p1\">Vill du ha mer lyx kan du uppgradera till v\u00e5ra fantastiska Deluxe-madrasser. Om du byter ut originalmadrassen mot v\u00e5r Deluxe-madrass kan dessa f\u00f6rvaras i t\u00e4ltet under k\u00f6rning efter t\u00f6mning.<\/p>\n<p class=\"p1\">Du kan montere en markise eller et fortelt, s\u00e5 du kan nyde de sene aftentimer uden dug og regn \u2013 eller skabe en skyggefuld oase p\u00e5 en varm sommerdag.<\/p>\n<p class=\"p1\">Vi rekommenderar alltid att man best\u00e4ller en Tent Tie Down som sp\u00e4nner upp takt\u00e4ltet bra s\u00e5 att det st\u00e5r fint och str\u00e4ckt och \u00e4ven s\u00e4krar t\u00e4ltet vid d\u00e5ligt v\u00e4der.<\/p>\n<p class=\"p1\">Det \u00e4r ocks\u00e5 m\u00f6jligt att k\u00f6pa diverse andra tillbeh\u00f6r s\u00e5som inv\u00e4ndiga f\u00f6rvaringsfickor, termoinnert\u00e4lt och en t\u00e4ltlyft f\u00f6r enkel montering av takt\u00e4ltet till din bil och \u00e4ven erbjuda en trevlig plats att f\u00f6rvara t\u00e4ltet n\u00e4r det inte anv\u00e4nds.<\/p>\n","protected":false},"excerpt":{"rendered":"<table style=\"width: 100%; grid-column-start: 1;\">\n<tbody>\n<tr>\n<td><span style=\"vertical-align: inherit;\">T\u00e4lt<\/span><\/td>\n<td><span style=\"vertical-align: inherit;\">L.220 x B.157 x H.115cm<\/span><\/td>\n<\/tr>\n<tr>\n<td><span style=\"vertical-align: inherit;\">H\u00e5rt skal<\/span><\/td>\n<td><span style=\"vertical-align: inherit;\">L.160 x B.120 x H.26cm<\/span><\/td>\n<\/tr>\n<tr>\n<td><span style=\"vertical-align: inherit;\">Vikt<\/span><\/td>\n<td><span style=\"vertical-align: inherit;\">61,7kg( 51,3kg ex. madrass och stege )<\/span><\/td>\n<\/tr>\n<\/tbody>\n<\/table>\n<p>&nbsp;<\/p>\n","protected":false},"featured_media":5088,"comment_status":"closed","ping_status":"closed","template":"","meta":{"_acf_changed":false},"product_brand":[],"product_cat":[113,69],"product_tag":[],"class_list":["post-5087","product","type-product","status-publish","has-post-thumbnail","product_cat-alle-telte","product_cat-okategoriserad","first","instock","taxable","shipping-taxable","purchasable","product-type-simple"],"acf":[],"_links":{"self":[{"href":"https:\/\/moby2025.marketingdenmark.dk\/sv\/wp-json\/wp\/v2\/product\/5087","targetHints":{"allow":["GET"]}}],"collection":[{"href":"https:\/\/moby2025.marketingdenmark.dk\/sv\/wp-json\/wp\/v2\/product"}],"about":[{"href":"https:\/\/moby2025.marketingdenmark.dk\/sv\/wp-json\/wp\/v2\/types\/product"}],"replies":[{"embeddable":true,"href":"https:\/\/moby2025.marketingdenmark.dk\/sv\/wp-json\/wp\/v2\/comments?post=5087"}],"wp:featuredmedia":[{"embeddable":true,"href":"https:\/\/moby2025.marketingdenmark.dk\/sv\/wp-json\/wp\/v2\/media\/5088"}],"wp:attachment":[{"href":"https:\/\/moby2025.marketingdenmark.dk\/sv\/wp-json\/wp\/v2\/media?parent=5087"}],"wp:term":[{"taxonomy":"product_brand","embeddable":true,"href":"https:\/\/moby2025.marketingdenmark.dk\/sv\/wp-json\/wp\/v2\/product_brand?post=5087"},{"taxonomy":"product_cat","embeddable":true,"href":"https:\/\/moby2025.marketingdenmark.dk\/sv\/wp-json\/wp\/v2\/product_cat?post=5087"},{"taxonomy":"product_tag","embeddable":true,"href":"https:\/\/moby2025.marketingdenmark.dk\/sv\/wp-json\/wp\/v2\/product_tag?post=5087"}],"curies":[{"name":"wp","href":"https:\/\/api.w.org\/{rel}","templated":true}]}}